{"id":67,"date":"2021-10-12T11:02:58","date_gmt":"2021-10-12T09:02:58","guid":{"rendered":"https:\/\/www.allgemeinarzt-wenta-bralla.de\/?page_id=67"},"modified":"2024-04-29T17:42:13","modified_gmt":"2024-04-29T15:42:13","slug":"jausarzt-hamburg","status":"publish","type":"page","link":"https:\/\/www.allgemeinarzt-wenta-bralla.de\/","title":{"rendered":"hausarzt-hamburg"},"content":{"rendered":"<p>[et_pb_section fb_built=&#8220;1&#8243; custom_padding_last_edited=&#8220;on|phone&#8220; disabled_on=&#8220;on|on|off&#8220; admin_label=&#8220;Hero&#8220; _builder_version=&#8220;4.25.0&#8243; use_background_color_gradient=&#8220;on&#8220; background_color_gradient_stops=&#8220;rgba(197,221,241,0) 0%|rgba(197,221,241,0) 100%&#8220; background_color_gradient_overlays_image=&#8220;on&#8220; background_color_gradient_start=&#8220;rgba(197,221,241,0)&#8220; background_color_gradient_end=&#8220;rgba(197,221,241,0)&#8220; background_image=&#8220;https:\/\/www.allgemeinarzt-wenta-bralla.de\/wp-content\/uploads\/2024\/04\/Praxisfoto-2024-04-29.jpg&#8220; custom_margin=&#8220;|5vw||&#8220; custom_padding=&#8220;39vw||1vw||false|false&#8220; custom_padding_tablet=&#8220;100px||100px|&#8220; custom_padding_phone=&#8220;|||&#8220; animation_style=&#8220;slide&#8220; animation_direction=&#8220;left&#8220; animation_intensity_slide=&#8220;5%&#8220; hover_enabled=&#8220;0&#8243; border_radii=&#8220;|||30vw|&#8220; border_color_all=&#8220;rgba(103,125,197,0.93)&#8220; border_width_right=&#8220;2vw&#8220; box_shadow_style=&#8220;preset4&#8243; box_shadow_horizontal=&#8220;20px&#8220; box_shadow_vertical=&#8220;0px&#8220; box_shadow_color=&#8220;rgba(103,125,197,0.69)&#8220; global_colors_info=&#8220;{}&#8220; title_text=&#8220;Praxisfoto-2024-04-29&#8243; sticky_enabled=&#8220;0&#8243;][et_pb_row _builder_version=&#8220;4.16&#8243; width=&#8220;100%&#8220; max_width=&#8220;2560px&#8220; custom_margin=&#8220;122px|auto||auto||&#8220; custom_padding=&#8220;0|0px|1px|0px||&#8220; global_colors_info=&#8220;{}&#8220;][et_pb_column type=&#8220;4_4&#8243; _builder_version=&#8220;4.16&#8243; custom_padding=&#8220;|||&#8220; global_colors_info=&#8220;{}&#8220; custom_padding__hover=&#8220;|||&#8220;][et_pb_text admin_label=&#8220;Text&#8220; _builder_version=&#8220;4.16&#8243; text_font=&#8220;Montserrat|300|||||||&#8220; text_text_color=&#8220;rgba(0,0,0,0.66)&#8220; text_font_size=&#8220;28px&#8220; text_line_height=&#8220;1.2em&#8220; ul_font=&#8220;||||||||&#8220; header_font=&#8220;Montserrat|500|||||||&#8220; header_text_color=&#8220;rgba(0,0,0,0.85)&#8220; header_font_size=&#8220;40px&#8220; header_line_height=&#8220;1.2em&#8220; background_color=&#8220;rgba(255,255,255,0.57)&#8220; text_orientation=&#8220;center&#8220; background_layout=&#8220;dark&#8220; module_alignment=&#8220;center&#8220; custom_margin=&#8220;||17px|||&#8220; custom_padding=&#8220;7px|391px|7px|391px|true|true&#8220; text_line_height_tablet=&#8220;2em&#8220; text_line_height_phone=&#8220;2em&#8220; text_line_height_last_edited=&#8220;off|desktop&#8220; header_font_size_tablet=&#8220;40px&#8220; header_font_size_phone=&#8220;&#8220; header_font_size_last_edited=&#8220;on|tablet&#8220; header_line_height_tablet=&#8220;1.2em&#8220; header_line_height_phone=&#8220;1.1em&#8220; header_line_height_last_edited=&#8220;on|phone&#8220; global_colors_info=&#8220;{}&#8220;]<\/p>\n<h1 style=\"text-align: center;\">Praxis Wenta-Bralla<\/h1>\n<p style=\"text-align: center;\"><span style=\"color: #000000;\"><strong>Fach\u00e4rztin f\u00fcr Allgemeinmedizin<\/strong><\/span><\/p>\n<p>[\/et_pb_text][\/et_pb_column][\/et_pb_row][et_pb_row column_structure=&#8220;1_3,1_3,1_3&#8243; _builder_version=&#8220;4.16&#8243; _module_preset=&#8220;default&#8220; custom_padding=&#8220;1px||0px|||&#8220; global_colors_info=&#8220;{}&#8220;][et_pb_column type=&#8220;1_3&#8243; _builder_version=&#8220;4.16&#8243; _module_preset=&#8220;default&#8220; global_colors_info=&#8220;{}&#8220;][\/et_pb_column][et_pb_column type=&#8220;1_3&#8243; _builder_version=&#8220;4.16&#8243; _module_preset=&#8220;default&#8220; global_colors_info=&#8220;{}&#8220;][et_pb_button button_url=&#8220;tel:+49406940094&#8243; button_text=&#8220;Tel: +49 40 \/ 6 94 00 94&#8243; button_alignment=&#8220;center&#8220; _builder_version=&#8220;4.16&#8243; _module_preset=&#8220;default&#8220; custom_button=&#8220;on&#8220; button_text_color=&#8220;#000000&#8243; button_bg_color=&#8220;rgba(255,255,255,0.67)&#8220; button_border_width=&#8220;0px&#8220; button_border_radius=&#8220;0px&#8220; box_shadow_style=&#8220;preset2&#8243; global_colors_info=&#8220;{}&#8220;][\/et_pb_button][\/et_pb_column][et_pb_column type=&#8220;1_3&#8243; _builder_version=&#8220;4.16&#8243; _module_preset=&#8220;default&#8220; global_colors_info=&#8220;{}&#8220;][\/et_pb_column][\/et_pb_row][\/et_pb_section][et_pb_section fb_built=&#8220;1&#8243; custom_padding_last_edited=&#8220;on|phone&#8220; disabled_on=&#8220;off|off|on&#8220; admin_label=&#8220;Hero&#8220; _builder_version=&#8220;4.25.0&#8243; background_color_gradient_start=&#8220;rgba(49,128,192,0)&#8220; background_color_gradient_end=&#8220;rgba(72,129,191,0.75)&#8220; background_image=&#8220;https:\/\/www.allgemeinarzt-wenta-bralla.de\/wp-content\/uploads\/2024\/04\/Praxisfoto-2024-04-29.jpg&#8220; custom_margin=&#8220;|5vw||&#8220; custom_padding=&#8220;21vw||21vw||true|false&#8220; custom_padding_tablet=&#8220;193px||193px||true|false&#8220; custom_padding_phone=&#8220;108px||108px||true|false&#8220; animation_style=&#8220;slide&#8220; animation_direction=&#8220;left&#8220; animation_intensity_slide=&#8220;5%&#8220; hover_enabled=&#8220;0&#8243; border_radii=&#8220;|||30vw|&#8220; border_color_all=&#8220;rgba(103,125,197,0.93)&#8220; border_width_right=&#8220;2vw&#8220; box_shadow_style=&#8220;preset4&#8243; box_shadow_horizontal=&#8220;20px&#8220; box_shadow_vertical=&#8220;0px&#8220; box_shadow_color=&#8220;rgba(103,125,197,0.76)&#8220; global_colors_info=&#8220;{}&#8220; title_text=&#8220;Praxisfoto-2024-04-29&#8243; sticky_enabled=&#8220;0&#8243;][\/et_pb_section][et_pb_section fb_built=&#8220;1&#8243; disabled_on=&#8220;off|off|on&#8220; _builder_version=&#8220;4.16&#8243; _module_preset=&#8220;default&#8220; custom_padding=&#8220;3px||2px|||&#8220; global_colors_info=&#8220;{}&#8220;][et_pb_row _builder_version=&#8220;4.16&#8243; _module_preset=&#8220;default&#8220; global_colors_info=&#8220;{}&#8220;][et_pb_column type=&#8220;4_4&#8243; _builder_version=&#8220;4.16&#8243; _module_preset=&#8220;default&#8220; global_colors_info=&#8220;{}&#8220;][et_pb_text admin_label=&#8220;Text&#8220; _builder_version=&#8220;4.16&#8243; text_font=&#8220;Montserrat|300|||||||&#8220; text_text_color=&#8220;rgba(0,0,0,0.66)&#8220; text_font_size=&#8220;15px&#8220; text_line_height=&#8220;1.8em&#8220; ul_font=&#8220;||||||||&#8220; header_font=&#8220;Montserrat|500|||||||&#8220; header_text_color=&#8220;rgba(0,0,0,0.66)&#8220; header_font_size=&#8220;3vw&#8220; header_line_height=&#8220;1.2em&#8220; text_orientation=&#8220;center&#8220; background_layout=&#8220;dark&#8220; module_alignment=&#8220;center&#8220; custom_margin=&#8220;||15px|||&#8220; text_line_height_tablet=&#8220;2em&#8220; text_line_height_phone=&#8220;2em&#8220; text_line_height_last_edited=&#8220;off|desktop&#8220; header_font_size_tablet=&#8220;40px&#8220; header_font_size_phone=&#8220;26px&#8220; header_font_size_last_edited=&#8220;on|tablet&#8220; header_line_height_tablet=&#8220;1.2em&#8220; header_line_height_phone=&#8220;1.1em&#8220; header_line_height_last_edited=&#8220;on|phone&#8220; header_text_shadow_style=&#8220;preset3&#8243; header_text_shadow_color=&#8220;rgba(0,0,0,0.06)&#8220; global_colors_info=&#8220;{}&#8220;]<\/p>\n<h1 style=\"text-align: left;\">Praxis Wenta- Bralla<\/h1>\n<p style=\"text-align: left;\"><strong>Fach\u00e4rztin f\u00fcr Allgemeinmedizin<\/strong><\/p>\n<p>[\/et_pb_text][et_pb_button button_url=&#8220;tel:+49406940094&#8243; button_text=&#8220;Tel: +49 40 \/ 6 94 00 94&#8243; _builder_version=&#8220;4.16&#8243; _module_preset=&#8220;default&#8220; custom_button=&#8220;on&#8220; button_text_color=&#8220;#000000&#8243; button_bg_color=&#8220;rgba(255,255,255,0.4)&#8220; button_border_width=&#8220;0px&#8220; button_border_radius=&#8220;0px&#8220; box_shadow_style=&#8220;preset1&#8243; global_colors_info=&#8220;{}&#8220;][\/et_pb_button][\/et_pb_column][\/et_pb_row][\/et_pb_section][et_pb_section fb_built=&#8220;1&#8243; admin_label=&#8220;Why Us&#8220; _builder_version=&#8220;4.16&#8243; background_enable_color=&#8220;off&#8220; use_background_color_gradient=&#8220;on&#8220; background_color_gradient_stops=&#8220;rgba(103,125,197,0.93) 0%|rgba(103,125,197,0.89) 100%&#8220; background_color_gradient_overlays_image=&#8220;on&#8220; background_color_gradient_start=&#8220;rgba(103,125,197,0.93)&#8220; background_color_gradient_end=&#8220;rgba(103,125,197,0.89)&#8220; background_image=&#8220;https:\/\/www.allgemeinarzt-wenta-bralla.de\/wp-content\/uploads\/2021\/10\/doctor-04.jpg&#8220; transform_scale_tablet=&#8220;&#8220; transform_scale_phone=&#8220;&#8220; transform_scale_last_edited=&#8220;on|phone&#8220; transform_translate=&#8220;-107px|29px&#8220; transform_translate_tablet=&#8220;-107px|29px&#8220; transform_translate_phone=&#8220;-24px|3px&#8220; transform_translate_last_edited=&#8220;on|phone&#8220; transform_rotate_tablet=&#8220;&#8220; transform_rotate_phone=&#8220;&#8220; transform_rotate_last_edited=&#8220;on|phone&#8220; transform_skew_tablet=&#8220;&#8220; transform_skew_phone=&#8220;&#8220; transform_skew_last_edited=&#8220;on|phone&#8220; transform_origin_tablet=&#8220;&#8220; transform_origin_phone=&#8220;&#8220; transform_origin_last_edited=&#8220;on|phone&#8220; transform_styles_last_edited=&#8220;on|phone&#8220; custom_margin=&#8220;85px|||||&#8220; custom_padding=&#8220;2px|0px|2px|0px|true|false&#8220; animation_style=&#8220;slide&#8220; animation_direction=&#8220;left&#8220; transform_styles_tablet=&#8220;&#8220; transform_styles_phone=&#8220;&#8220; border_radii=&#8220;off||30px|30px|&#8220; border_color_right=&#8220;RGBA(255,255,255,0)&#8220; box_shadow_style=&#8220;preset1&#8243; global_colors_info=&#8220;{}&#8220;][et_pb_row column_structure=&#8220;1_2,1_2&#8243; _builder_version=&#8220;4.16&#8243; _module_preset=&#8220;default&#8220; max_width=&#8220;2560px&#8220; custom_margin=&#8220;1px|auto||auto||&#8220; custom_padding=&#8220;75px||77px|||&#8220; global_colors_info=&#8220;{}&#8220;][et_pb_column type=&#8220;1_2&#8243; _builder_version=&#8220;4.16&#8243; _module_preset=&#8220;default&#8220; global_colors_info=&#8220;{}&#8220;][et_pb_text _builder_version=&#8220;4.16&#8243; _module_preset=&#8220;default&#8220; header_6_font=&#8220;Montserrat||||||||&#8220; header_6_text_color=&#8220;rgba(0,0,0,0.74)&#8220; header_6_font_size=&#8220;28px&#8220; header_6_line_height=&#8220;1.2em&#8220; custom_margin=&#8220;2px||9px|||&#8220; custom_padding=&#8220;||12px|||&#8220; header_6_font_tablet=&#8220;Montserrat||||||||&#8220; header_6_font_phone=&#8220;Montserrat||||||||&#8220; header_6_font_last_edited=&#8220;on|phone&#8220; global_colors_info=&#8220;{}&#8220;]<\/p>\n<h6>Herzlich willkommen<\/h6>\n<p>[\/et_pb_text][et_pb_text _builder_version=&#8220;4.16&#8243; text_font=&#8220;Montserrat||||||||&#8220; text_text_color=&#8220;rgba(0,0,0,0.74)&#8220; text_font_size=&#8220;16px&#8220; text_line_height=&#8220;1.4em&#8220; link_font=&#8220;||||||||&#8220; ul_font=&#8220;||||||||&#8220; ol_font=&#8220;||||||||&#8220; quote_font=&#8220;||||||||&#8220; header_font=&#8220;||||||||&#8220; header_2_font=&#8220;Montserrat|300|||||||&#8220; header_2_text_color=&#8220;#212d3b&#8220; header_2_font_size=&#8220;40px&#8220; header_2_line_height=&#8220;1.5em&#8220; max_width=&#8220;600px&#8220; custom_margin=&#8220;-14px|||||&#8220; custom_margin_tablet=&#8220;0px|50px||50px&#8220; custom_margin_last_edited=&#8220;off|desktop&#8220; custom_padding=&#8220;|||&#8220; inline_fonts=&#8220;Bad Script&#8220; global_colors_info=&#8220;{}&#8220;]<\/p>\n<p style=\"text-align: justify;\">Als Praxis f\u00fcr Allgemeinmedizin verstehen wir uns als Ansprechpartner f\u00fcr s\u00e4mtliche Gesundheitsfragen. Dies umfasst sowohl die Vorsorge als auch die optimale Behandlung im Krankheitsfall. <span>Eine ausf\u00fchrliche Anamnese ist die Grundlage f\u00fcr weiterf\u00fchrende Diagnostik und Therapie.<\/span><\/p>\n<p>Daf\u00fcr nehmen wir uns Zeit!<\/p>\n<p style=\"text-align: left;\">Wir freuen uns Sie als Patient\/Patientin in unserer Praxis begr\u00fc\u00dfen zu d\u00fcrfen.<\/p>\n<p><span style=\"font-family: 'Bad Script'; font-weight: normal; font-size: x-large;\">Ihre Hausarzt-Praxis Wenta-Bralla.<\/span><\/p>\n<p>&nbsp;<\/p>\n<p>[\/et_pb_text][\/et_pb_column][et_pb_column type=&#8220;1_2&#8243; _builder_version=&#8220;4.16&#8243; _module_preset=&#8220;default&#8220; global_colors_info=&#8220;{}&#8220;][et_pb_text _builder_version=&#8220;4.16&#8243; _module_preset=&#8220;default&#8220; header_6_font=&#8220;Montserrat||||||||&#8220; header_6_text_color=&#8220;rgba(0,0,0,0.74)&#8220; header_6_font_size=&#8220;28px&#8220; header_6_line_height=&#8220;1.2em&#8220; custom_margin=&#8220;2px||0px|||&#8220; header_6_font_tablet=&#8220;Montserrat||||||||&#8220; header_6_font_phone=&#8220;Montserrat||||||||&#8220; header_6_font_last_edited=&#8220;on|phone&#8220; global_colors_info=&#8220;{}&#8220;]<\/p>\n<h6>Unsere \u00d6ffnungszeiten<\/h6>\n<p>[\/et_pb_text][et_pb_text _builder_version=&#8220;4.21.0&#8243; _module_preset=&#8220;default&#8220; text_text_color=&#8220;rgba(0,0,0,0.74)&#8220; text_font_size=&#8220;22px&#8220; text_line_height=&#8220;1.2em&#8220; global_colors_info=&#8220;{}&#8220;]<\/p>\n<p style=\"text-align: left;\"><strong>Mo.: <\/strong>12:00 &#8211; 17:30 Uhr<br \/><strong>Di. &#8211; Fr.:<\/strong> 08:00 &#8211; 13:00 Uhr<\/p>\n<p style=\"text-align: left;\">\n<p>[\/et_pb_text][et_pb_button button_url=&#8220;@ET-DC@eyJkeW5hbWljIjp0cnVlLCJjb250ZW50IjoicG9zdF9saW5rX3VybF9wYWdlIiwic2V0dGluZ3MiOnsicG9zdF9pZCI6IjE5MyJ9fQ==@&#8220; button_text=&#8220;Folgerezept online vorbestellen&#8220; _builder_version=&#8220;4.16&#8243; _dynamic_attributes=&#8220;button_url&#8220; _module_preset=&#8220;default&#8220; custom_button=&#8220;on&#8220; button_text_color=&#8220;#000000&#8243; button_bg_color=&#8220;rgba(0,0,0,0.08)&#8220; button_text_size_tablet=&#8220;&#8220; button_text_size_phone=&#8220;15px&#8220; button_text_size_last_edited=&#8220;on|tablet&#8220; global_colors_info=&#8220;{}&#8220;][\/et_pb_button][\/et_pb_column][\/et_pb_row][\/et_pb_section]<\/p>\n","protected":false},"excerpt":{"rendered":"<p>Praxis Wenta-Bralla Fach\u00e4rztin f\u00fcr AllgemeinmedizinPraxis Wenta- Bralla Fach\u00e4rztin f\u00fcr AllgemeinmedizinHerzlich willkommenAls Praxis f\u00fcr Allgemeinmedizin verstehen wir uns als Ansprechpartner f\u00fcr s\u00e4mtliche Gesundheitsfragen. Dies umfasst sowohl die Vorsorge als auch die optimale Behandlung im Krankheitsfall. Eine ausf\u00fchrliche Anamnese ist die Grundlage f\u00fcr weiterf\u00fchrende Diagnostik und Therapie. Daf\u00fcr nehmen wir uns Zeit! Wir freuen uns Sie als [&hellip;]<\/p>\n","protected":false},"author":1,"featured_media":0,"parent":0,"menu_order":0,"comment_status":"closed","ping_status":"closed","template":"","meta":{"_et_pb_use_builder":"on","_et_pb_old_content":"","_et_gb_content_width":"","inline_featured_image":false,"footnotes":""},"class_list":["post-67","page","type-page","status-publish","hentry"],"_links":{"self":[{"href":"https:\/\/www.allgemeinarzt-wenta-bralla.de\/index.php\/wp-json\/wp\/v2\/pages\/67","targetHints":{"allow":["GET"]}}],"collection":[{"href":"https:\/\/www.allgemeinarzt-wenta-bralla.de\/index.php\/wp-json\/wp\/v2\/pages"}],"about":[{"href":"https:\/\/www.allgemeinarzt-wenta-bralla.de\/index.php\/wp-json\/wp\/v2\/types\/page"}],"author":[{"embeddable":true,"href":"https:\/\/www.allgemeinarzt-wenta-bralla.de\/index.php\/wp-json\/wp\/v2\/users\/1"}],"replies":[{"embeddable":true,"href":"https:\/\/www.allgemeinarzt-wenta-bralla.de\/index.php\/wp-json\/wp\/v2\/comments?post=67"}],"version-history":[{"count":162,"href":"https:\/\/www.allgemeinarzt-wenta-bralla.de\/index.php\/wp-json\/wp\/v2\/pages\/67\/revisions"}],"predecessor-version":[{"id":870,"href":"https:\/\/www.allgemeinarzt-wenta-bralla.de\/index.php\/wp-json\/wp\/v2\/pages\/67\/revisions\/870"}],"wp:attachment":[{"href":"https:\/\/www.allgemeinarzt-wenta-bralla.de\/index.php\/wp-json\/wp\/v2\/media?parent=67"}],"curies":[{"name":"wp","href":"https:\/\/api.w.org\/{rel}","templated":true}]}}